{"id":19,"date":"2023-11-18T15:22:06","date_gmt":"2023-11-18T14:22:06","guid":{"rendered":"http:\/\/bavarianfirehistory.com\/?page_id=19"},"modified":"2023-12-27T14:04:53","modified_gmt":"2023-12-27T13:04:53","slug":"synthese-des-analyses-multidisciplinaires","status":"publish","type":"page","link":"https:\/\/bavarianfirehistory.com\/index.php\/synthese-des-analyses-multidisciplinaires\/","title":{"rendered":"Synth\u00e8se des analyses multidisciplinaires"},"content":{"rendered":"\n<p><strong>Anticipation et Engagement<\/strong><\/p>\n\n\n\n<p>Bienvenue sur la page d\u00e9di\u00e9e \u00e0 la \u00ab\u00a0Synth\u00e8se des Analyses Multidisciplinaires\u00a0\u00bb de mon projet de recherche doctorale. Cette page est le c\u0153ur de mon engagement \u00e0 partager les connaissances et les perspectives interdisciplinaires acquises au cours de mon \u00e9tude sur \u00ab\u00a0L&rsquo;\u00e9volution de l&rsquo;identit\u00e9 et du r\u00f4le des pompiers en Bavi\u00e8re au 19e si\u00e8cle\u00a0\u00bb.<\/p>\n\n\n\n<p><strong>Publication Annuelle<\/strong><\/p>\n\n\n\n<p>\u00c0 la fin de chaque ann\u00e9e universitaire, je publierai ici une synth\u00e8se des analyses r\u00e9alis\u00e9es au cours de l&rsquo;ann\u00e9e. Cette publication annuelle sera l&rsquo;occasion de partager des aper\u00e7us interdisciplinaires, des r\u00e9flexions approfondies et des perspectives enrichissantes issues de ma recherche.<\/p>\n\n\n\n<p><strong>Restez Connect\u00e9s<\/strong><\/p>\n\n\n\n<p>Pour ne rien manquer de ces mises \u00e0 jour importantes, je vous invite \u00e0 suivre cette page ainsi que mes profils sur Facebook, LinkedIn et X (Twitter). Chaque nouvelle publication sera relay\u00e9e sur ces plateformes pour faciliter l&rsquo;acc\u00e8s et encourager le partage d&rsquo;id\u00e9es.<\/p>\n\n\n\n<p><strong>Votre Participation<\/strong><\/p>\n\n\n\n<p>Votre int\u00e9r\u00eat et vos contributions sont essentiels. Je vous encourage \u00e0 participer, \u00e0 poser des questions et \u00e0 partager vos r\u00e9flexions, ce qui enrichira notre compr\u00e9hension collective de ce sujet.<\/p>\n\n\n\n<p><strong>Prochaine Mise \u00e0 Jour<\/strong><\/p>\n\n\n\n<p>La premi\u00e8re synth\u00e8se sera publi\u00e9e \u00e0 la fin de cette ann\u00e9e universitaire. Restez \u00e0 l&rsquo;\u00e9coute pour d\u00e9couvrir des analyses et des perspectives uniques sur l&rsquo;histoire des pompiers en Bavi\u00e8re.<\/p>\n","protected":false},"excerpt":{"rendered":"<p>Anticipation et Engagement Bienvenue sur la page d\u00e9di\u00e9e \u00e0 la \u00ab\u00a0Synth\u00e8se des Analyses Multidisciplinaires\u00a0\u00bb de mon projet de recherche doctorale. Cette page est le c\u0153ur de mon engagement \u00e0 partager les connaissances et les perspectives interdisciplinaires acquises au cours de mon \u00e9tude sur \u00ab\u00a0L&rsquo;\u00e9volution de l&rsquo;identit\u00e9 et du r\u00f4le des pompiers en Bavi\u00e8re au 19e [&hellip;]<\/p>\n","protected":false},"author":1,"featured_media":0,"parent":0,"menu_order":0,"comment_status":"closed","ping_status":"closed","template":"","meta":{"footnotes":""},"class_list":["post-19","page","type-page","status-publish","hentry"],"_links":{"self":[{"href":"https:\/\/bavarianfirehistory.com\/index.php\/wp-json\/wp\/v2\/pages\/19","targetHints":{"allow":["GET"]}}],"collection":[{"href":"https:\/\/bavarianfirehistory.com\/index.php\/wp-json\/wp\/v2\/pages"}],"about":[{"href":"https:\/\/bavarianfirehistory.com\/index.php\/wp-json\/wp\/v2\/types\/page"}],"author":[{"embeddable":true,"href":"https:\/\/bavarianfirehistory.com\/index.php\/wp-json\/wp\/v2\/users\/1"}],"replies":[{"embeddable":true,"href":"https:\/\/bavarianfirehistory.com\/index.php\/wp-json\/wp\/v2\/comments?post=19"}],"version-history":[{"count":2,"href":"https:\/\/bavarianfirehistory.com\/index.php\/wp-json\/wp\/v2\/pages\/19\/revisions"}],"predecessor-version":[{"id":80,"href":"https:\/\/bavarianfirehistory.com\/index.php\/wp-json\/wp\/v2\/pages\/19\/revisions\/80"}],"wp:attachment":[{"href":"https:\/\/bavarianfirehistory.com\/index.php\/wp-json\/wp\/v2\/media?parent=19"}],"curies":[{"name":"wp","href":"https:\/\/api.w.org\/{rel}","templated":true}]}}